{"id":14583,"date":"2020-09-29T21:39:28","date_gmt":"2020-09-29T19:39:28","guid":{"rendered":"https:\/\/www.bonvent.cat\/product\/arcilla-blanca-para-pieles-secas-y-sensibles-de-najel\/"},"modified":"2020-12-11T13:35:37","modified_gmt":"2020-12-11T12:35:37","slug":"arcilla-blanca-para-pieles-secas-y-sensibles-de-najel","status":"publish","type":"product","link":"https:\/\/www.bonvent.cat\/es\/product\/arcilla-blanca-para-pieles-secas-y-sensibles-de-najel\/","title":{"rendered":"Arcilla blanca para pieles secas y sensibles de Najel"},"content":{"rendered":"<p><strong>Descripci\u00f3n<\/strong><\/p>\n<p>La arcilla blanca para pieles secas y sensibles de Najel, certificada <a href=\"https:\/\/www.ecocert.com\/es\/detaile-de-certification\/cosmeticos-ecologicos-o-naturales-cosmos-\" target=\"_blank\" rel=\"noopener noreferrer\">Cosmos Naturel<\/a>, es una tierra natural con una textura muy fina que se encuentra en zonas profundas de sitios templados. Con propiedades incalculables, es utilizada desde la prehistoria por sus cualidades terap\u00e9uticas.<\/p>\n<p>La podr\u00e1 utilizar como m\u00e1scara para la cara o el cabello. Tambi\u00e9n como cataplasma sobre la piel por sus virtudes reparadoras, antis\u00e9pticas, cicatrizantes y antiinflamatorias.<\/p>\n<p><strong>Propiedades<\/strong><\/p>\n<p>Extra\u00edda de una cantera cerca de Puy-en-Valy en la Auvernia (Auvergne, Francia), la arcilla blanca Cosmos Naturel Najel es 100% natural. Rica en sales minerales (hierro, magnesio, silicio), la arcilla blanca es reconocida por las propiedades limpiadoras, calmantes y purificadores.<\/p>\n<p><strong>Uso<\/strong><\/p>\n<p>La arcilla blanca para pieles secas y sensibles de Najel se puede utilizar en mascarilla para la cara y el pelo o como cataplasma sobre la piel. Conviene particularmente utilizarla en pieles delicadas, secas y sensibles. Muy polivalente, la arcilla blanca sirve para producir cosm\u00e9ticos, tales como mascarillas, dent\u00edfricos, maquillajes as\u00ed como ingrediente de la piedra de arcilla, limpiador multiusos del hogar.<\/p>\n<p>Adaptada a las pieles secas y sensibles, la arcilla blanca utiliza principalmente diluida en agua.<\/p>\n<p>Para reforzar sus efectos, recomendamos su uso junto con un agua floral, como por ejemplo el <a href=\"\/?p=14584\" target=\"_blank\" rel=\"noopener noreferrer\">hidrolato de azahar<\/a> para la obtenci\u00f3n de la pasta. Las virtudes de estos hidrolatos son asociadas con las virtudes absorbentes de la arcilla para ofrecer un resultado \u00f3ptimo.<\/p>\n<p>Para no neutralizar ciertas propiedades que ofrece la arcilla, recomendamos utilizar utensilios en cer\u00e1mica, madera o pl\u00e1stico para la confecci\u00f3n de sus m\u00e1scaras, preferiblemente antes de que utensilios de metal.<br \/>\ningredientes<\/p>\n<p>Caol\u00edn (Kaolin). 100% de origen natural. Certificada por Ecocert.<\/p>\n<p>Envase de 150 g.<\/p>\n<p>La arcilla blanca en polvo Najel est\u00e1 extra\u00edda en Occitania, al sur del estado franc\u00e9s. La arcilla extra\u00edda de canteras tiene muchas aplicaciones hoy en d\u00eda, desde la construcci\u00f3n, la fabricaci\u00f3n de cer\u00e1mica, pinturas, medicina o cosm\u00e9ticos. Su descubrimiento fue en China, concretamente en la colina que le da el nombre: Kaoling.<\/p>\n","protected":false},"excerpt":{"rendered":"<p>La arcilla blanca en polvo de Najel es reconocida por las propiedades limpiadoras, calmantes y purificadores. Es muy apreciada por sus virtudes reparadoras, antis\u00e9pticas, cicatrizantes y antiinflamatorias y est\u00e1 especialmente indicada para las pieles m\u00e1s sensibles y las secas.<\/p>\n<p>Contenido: 150 gr.<\/p>\n","protected":false},"featured_media":13123,"comment_status":"closed","ping_status":"closed","template":"","meta":[],"product_brand":[],"product_cat":[1159,1224],"product_tag":[1036,1034,1275,407],"class_list":{"0":"post-14583","1":"product","2":"type-product","3":"status-publish","4":"has-post-thumbnail","6":"product_cat-bano-cuidados","7":"product_cat-cosmetica-es","8":"product_tag-belleza-mediterranea-es-2","9":"product_tag-cosmetica-bio-es-2","10":"product_tag-najel-es","11":"product_tag-natural-es-2","13":"first","14":"instock","15":"taxable","16":"shipping-taxable","17":"purchasable","18":"product-type-simple"},"yoast_head":"<!-- This site is optimized with the Yoast SEO plugin v25.3.1 - https:\/\/yoast.com\/wordpress\/plugins\/seo\/ -->\n<title>Arcilla blanca para pieles secas y sensibles de Najel<\/title>\n<meta name=\"description\" content=\"Remedio inteligente, la arcilla blanca en polvo de Najel identifica el origen de las impurezas. Calma, protege, desinfecta, t\u00f3nica y embellece.\" \/>\n<meta name=\"robots\" content=\"index, follow, max-snippet:-1, max-image-preview:large, max-video-preview:-1\" \/>\n<link rel=\"canonical\" href=\"https:\/\/www.bonvent.cat\/es\/product\/arcilla-blanca-para-pieles-secas-y-sensibles-de-najel\/\" \/>\n<meta property=\"og:locale\" content=\"es_ES\" \/>\n<meta property=\"og:type\" content=\"article\" \/>\n<meta property=\"og:title\" content=\"Arcilla blanca para pieles secas y sensibles de Najel\" \/>\n<meta property=\"og:description\" content=\"Remedio inteligente, la arcilla blanca en polvo de Najel identifica el origen de las impurezas. Calma, protege, desinfecta, t\u00f3nica y embellece.\" \/>\n<meta property=\"og:url\" content=\"https:\/\/www.bonvent.cat\/es\/product\/arcilla-blanca-para-pieles-secas-y-sensibles-de-najel\/\" \/>\n<meta property=\"og:site_name\" content=\"Bon Vent\" \/>\n<meta property=\"article:publisher\" content=\"https:\/\/www.facebook.com\/bonventbcn?ref=hl\" \/>\n<meta property=\"article:modified_time\" content=\"2020-12-11T12:35:37+00:00\" \/>\n<meta property=\"og:image\" content=\"https:\/\/www.bonvent.cat\/wp-content\/uploads\/2020\/11\/argila-blanca.jpg\" \/>\n\t<meta property=\"og:image:width\" content=\"510\" \/>\n\t<meta property=\"og:image:height\" content=\"652\" \/>\n\t<meta property=\"og:image:type\" content=\"image\/jpeg\" \/>\n<meta name=\"twitter:label1\" content=\"Tiempo de lectura\" \/>\n\t<meta name=\"twitter:data1\" content=\"2 minutos\" \/>\n<script type=\"application\/ld+json\" class=\"yoast-schema-graph\">{\"@context\":\"https:\/\/schema.org\",\"@graph\":[{\"@type\":\"WebPage\",\"@id\":\"https:\/\/www.bonvent.cat\/es\/product\/arcilla-blanca-para-pieles-secas-y-sensibles-de-najel\/\",\"url\":\"https:\/\/www.bonvent.cat\/es\/product\/arcilla-blanca-para-pieles-secas-y-sensibles-de-najel\/\",\"name\":\"Arcilla blanca para pieles secas y sensibles de Najel\",\"isPartOf\":{\"@id\":\"https:\/\/www.bonvent.cat\/es\/#website\"},\"primaryImageOfPage\":{\"@id\":\"https:\/\/www.bonvent.cat\/es\/product\/arcilla-blanca-para-pieles-secas-y-sensibles-de-najel\/#primaryimage\"},\"image\":{\"@id\":\"https:\/\/www.bonvent.cat\/es\/product\/arcilla-blanca-para-pieles-secas-y-sensibles-de-najel\/#primaryimage\"},\"thumbnailUrl\":\"https:\/\/www.bonvent.cat\/wp-content\/uploads\/2020\/11\/argila-blanca.jpg\",\"datePublished\":\"2020-09-29T19:39:28+00:00\",\"dateModified\":\"2020-12-11T12:35:37+00:00\",\"description\":\"Remedio inteligente, la arcilla blanca en polvo de Najel identifica el origen de las impurezas. Calma, protege, desinfecta, t\u00f3nica y embellece.\",\"breadcrumb\":{\"@id\":\"https:\/\/www.bonvent.cat\/es\/product\/arcilla-blanca-para-pieles-secas-y-sensibles-de-najel\/#breadcrumb\"},\"inLanguage\":\"es\",\"potentialAction\":[{\"@type\":\"ReadAction\",\"target\":[\"https:\/\/www.bonvent.cat\/es\/product\/arcilla-blanca-para-pieles-secas-y-sensibles-de-najel\/\"]}]},{\"@type\":\"ImageObject\",\"inLanguage\":\"es\",\"@id\":\"https:\/\/www.bonvent.cat\/es\/product\/arcilla-blanca-para-pieles-secas-y-sensibles-de-najel\/#primaryimage\",\"url\":\"https:\/\/www.bonvent.cat\/wp-content\/uploads\/2020\/11\/argila-blanca.jpg\",\"contentUrl\":\"https:\/\/www.bonvent.cat\/wp-content\/uploads\/2020\/11\/argila-blanca.jpg\",\"width\":510,\"height\":652,\"caption\":\"Arcilla blanca para pieles secas y sensibles de Najel\"},{\"@type\":\"BreadcrumbList\",\"@id\":\"https:\/\/www.bonvent.cat\/es\/product\/arcilla-blanca-para-pieles-secas-y-sensibles-de-najel\/#breadcrumb\",\"itemListElement\":[{\"@type\":\"ListItem\",\"position\":1,\"name\":\"Inici\",\"item\":\"https:\/\/www.bonvent.cat\/es\/\"},{\"@type\":\"ListItem\",\"position\":2,\"name\":\"Botiga\",\"item\":\"https:\/\/www.bonvent.cat\/?page_id=1953091\"},{\"@type\":\"ListItem\",\"position\":3,\"name\":\"Arcilla blanca para pieles secas y sensibles de Najel\"}]},{\"@type\":\"WebSite\",\"@id\":\"https:\/\/www.bonvent.cat\/es\/#website\",\"url\":\"https:\/\/www.bonvent.cat\/es\/\",\"name\":\"Bon Vent\",\"description\":\"Botiga d\u2019inspiraci\u00f3 mediterr\u00e0nia\",\"publisher\":{\"@id\":\"https:\/\/www.bonvent.cat\/es\/#organization\"},\"potentialAction\":[{\"@type\":\"SearchAction\",\"target\":{\"@type\":\"EntryPoint\",\"urlTemplate\":\"https:\/\/www.bonvent.cat\/es\/?s={search_term_string}\"},\"query-input\":{\"@type\":\"PropertyValueSpecification\",\"valueRequired\":true,\"valueName\":\"search_term_string\"}}],\"inLanguage\":\"es\"},{\"@type\":\"Organization\",\"@id\":\"https:\/\/www.bonvent.cat\/es\/#organization\",\"name\":\"Bon Vent\",\"url\":\"https:\/\/www.bonvent.cat\/es\/\",\"logo\":{\"@type\":\"ImageObject\",\"inLanguage\":\"es\",\"@id\":\"https:\/\/www.bonvent.cat\/es\/#\/schema\/logo\/image\/\",\"url\":\"https:\/\/www.bonvent.cat\/wp-content\/uploads\/2021\/11\/logoh.png\",\"contentUrl\":\"https:\/\/www.bonvent.cat\/wp-content\/uploads\/2021\/11\/logoh.png\",\"width\":640,\"height\":121,\"caption\":\"Bon Vent\"},\"image\":{\"@id\":\"https:\/\/www.bonvent.cat\/es\/#\/schema\/logo\/image\/\"},\"sameAs\":[\"https:\/\/www.facebook.com\/bonventbcn?ref=hl\",\"https:\/\/www.instagram.com\/bon_ventbarcelona\/\",\"https:\/\/es.pinterest.com\/BONVENTmed\/\"]}]}<\/script>\n<!-- \/ Yoast SEO plugin. -->","yoast_head_json":{"title":"Arcilla blanca para pieles secas y sensibles de Najel","description":"Remedio inteligente, la arcilla blanca en polvo de Najel identifica el origen de las impurezas. Calma, protege, desinfecta, t\u00f3nica y embellece.","robots":{"index":"index","follow":"follow","max-snippet":"max-snippet:-1","max-image-preview":"max-image-preview:large","max-video-preview":"max-video-preview:-1"},"canonical":"https:\/\/www.bonvent.cat\/es\/product\/arcilla-blanca-para-pieles-secas-y-sensibles-de-najel\/","og_locale":"es_ES","og_type":"article","og_title":"Arcilla blanca para pieles secas y sensibles de Najel","og_description":"Remedio inteligente, la arcilla blanca en polvo de Najel identifica el origen de las impurezas. Calma, protege, desinfecta, t\u00f3nica y embellece.","og_url":"https:\/\/www.bonvent.cat\/es\/product\/arcilla-blanca-para-pieles-secas-y-sensibles-de-najel\/","og_site_name":"Bon Vent","article_publisher":"https:\/\/www.facebook.com\/bonventbcn?ref=hl","article_modified_time":"2020-12-11T12:35:37+00:00","og_image":[{"width":510,"height":652,"url":"https:\/\/www.bonvent.cat\/wp-content\/uploads\/2020\/11\/argila-blanca.jpg","type":"image\/jpeg"}],"twitter_misc":{"Tiempo de lectura":"2 minutos"},"schema":{"@context":"https:\/\/schema.org","@graph":[{"@type":"WebPage","@id":"https:\/\/www.bonvent.cat\/es\/product\/arcilla-blanca-para-pieles-secas-y-sensibles-de-najel\/","url":"https:\/\/www.bonvent.cat\/es\/product\/arcilla-blanca-para-pieles-secas-y-sensibles-de-najel\/","name":"Arcilla blanca para pieles secas y sensibles de Najel","isPartOf":{"@id":"https:\/\/www.bonvent.cat\/es\/#website"},"primaryImageOfPage":{"@id":"https:\/\/www.bonvent.cat\/es\/product\/arcilla-blanca-para-pieles-secas-y-sensibles-de-najel\/#primaryimage"},"image":{"@id":"https:\/\/www.bonvent.cat\/es\/product\/arcilla-blanca-para-pieles-secas-y-sensibles-de-najel\/#primaryimage"},"thumbnailUrl":"https:\/\/www.bonvent.cat\/wp-content\/uploads\/2020\/11\/argila-blanca.jpg","datePublished":"2020-09-29T19:39:28+00:00","dateModified":"2020-12-11T12:35:37+00:00","description":"Remedio inteligente, la arcilla blanca en polvo de Najel identifica el origen de las impurezas. Calma, protege, desinfecta, t\u00f3nica y embellece.","breadcrumb":{"@id":"https:\/\/www.bonvent.cat\/es\/product\/arcilla-blanca-para-pieles-secas-y-sensibles-de-najel\/#breadcrumb"},"inLanguage":"es","potentialAction":[{"@type":"ReadAction","target":["https:\/\/www.bonvent.cat\/es\/product\/arcilla-blanca-para-pieles-secas-y-sensibles-de-najel\/"]}]},{"@type":"ImageObject","inLanguage":"es","@id":"https:\/\/www.bonvent.cat\/es\/product\/arcilla-blanca-para-pieles-secas-y-sensibles-de-najel\/#primaryimage","url":"https:\/\/www.bonvent.cat\/wp-content\/uploads\/2020\/11\/argila-blanca.jpg","contentUrl":"https:\/\/www.bonvent.cat\/wp-content\/uploads\/2020\/11\/argila-blanca.jpg","width":510,"height":652,"caption":"Arcilla blanca para pieles secas y sensibles de Najel"},{"@type":"BreadcrumbList","@id":"https:\/\/www.bonvent.cat\/es\/product\/arcilla-blanca-para-pieles-secas-y-sensibles-de-najel\/#breadcrumb","itemListElement":[{"@type":"ListItem","position":1,"name":"Inici","item":"https:\/\/www.bonvent.cat\/es\/"},{"@type":"ListItem","position":2,"name":"Botiga","item":"https:\/\/www.bonvent.cat\/?page_id=1953091"},{"@type":"ListItem","position":3,"name":"Arcilla blanca para pieles secas y sensibles de Najel"}]},{"@type":"WebSite","@id":"https:\/\/www.bonvent.cat\/es\/#website","url":"https:\/\/www.bonvent.cat\/es\/","name":"Bon Vent","description":"Botiga d\u2019inspiraci\u00f3 mediterr\u00e0nia","publisher":{"@id":"https:\/\/www.bonvent.cat\/es\/#organization"},"potentialAction":[{"@type":"SearchAction","target":{"@type":"EntryPoint","urlTemplate":"https:\/\/www.bonvent.cat\/es\/?s={search_term_string}"},"query-input":{"@type":"PropertyValueSpecification","valueRequired":true,"valueName":"search_term_string"}}],"inLanguage":"es"},{"@type":"Organization","@id":"https:\/\/www.bonvent.cat\/es\/#organization","name":"Bon Vent","url":"https:\/\/www.bonvent.cat\/es\/","logo":{"@type":"ImageObject","inLanguage":"es","@id":"https:\/\/www.bonvent.cat\/es\/#\/schema\/logo\/image\/","url":"https:\/\/www.bonvent.cat\/wp-content\/uploads\/2021\/11\/logoh.png","contentUrl":"https:\/\/www.bonvent.cat\/wp-content\/uploads\/2021\/11\/logoh.png","width":640,"height":121,"caption":"Bon Vent"},"image":{"@id":"https:\/\/www.bonvent.cat\/es\/#\/schema\/logo\/image\/"},"sameAs":["https:\/\/www.facebook.com\/bonventbcn?ref=hl","https:\/\/www.instagram.com\/bon_ventbarcelona\/","https:\/\/es.pinterest.com\/BONVENTmed\/"]}]}},"_links":{"self":[{"href":"https:\/\/www.bonvent.cat\/es\/wp-json\/wp\/v2\/product\/14583","targetHints":{"allow":["GET"]}}],"collection":[{"href":"https:\/\/www.bonvent.cat\/es\/wp-json\/wp\/v2\/product"}],"about":[{"href":"https:\/\/www.bonvent.cat\/es\/wp-json\/wp\/v2\/types\/product"}],"replies":[{"embeddable":true,"href":"https:\/\/www.bonvent.cat\/es\/wp-json\/wp\/v2\/comments?post=14583"}],"version-history":[{"count":0,"href":"https:\/\/www.bonvent.cat\/es\/wp-json\/wp\/v2\/product\/14583\/revisions"}],"wp:featuredmedia":[{"embeddable":true,"href":"https:\/\/www.bonvent.cat\/es\/wp-json\/wp\/v2\/media\/13123"}],"wp:attachment":[{"href":"https:\/\/www.bonvent.cat\/es\/wp-json\/wp\/v2\/media?parent=14583"}],"wp:term":[{"taxonomy":"product_brand","embeddable":true,"href":"https:\/\/www.bonvent.cat\/es\/wp-json\/wp\/v2\/product_brand?post=14583"},{"taxonomy":"product_cat","embeddable":true,"href":"https:\/\/www.bonvent.cat\/es\/wp-json\/wp\/v2\/product_cat?post=14583"},{"taxonomy":"product_tag","embeddable":true,"href":"https:\/\/www.bonvent.cat\/es\/wp-json\/wp\/v2\/product_tag?post=14583"}],"curies":[{"name":"wp","href":"https:\/\/api.w.org\/{rel}","templated":true}]}}