{"id":14615,"date":"2020-12-13T09:00:48","date_gmt":"2020-12-13T08:00:48","guid":{"rendered":"https:\/\/www.bonvent.cat\/product\/plato-de-postre-jaspeado-de-la-bisbal\/"},"modified":"2020-12-13T09:00:48","modified_gmt":"2020-12-13T08:00:48","slug":"plato-de-postre-jaspeado-de-la-bisbal","status":"publish","type":"product","link":"https:\/\/www.bonvent.cat\/es\/product\/plato-de-postre-jaspeado-de-la-bisbal\/","title":{"rendered":"Plato de postre jaspeado de La Bisbal"},"content":{"rendered":"<h2>Plato de postre jaspeado de La Bisbal<\/h2>\n<p>La Artesan\u00eda popular de <a href=\"https:\/\/www.google.com\/maps\/place\/La+Bisbal+d'Empord%C3%A0,+Girona\/@41.9618714,3.0300297,15z\/data=!3m1!4b1!4m5!3m4!1s0x12bafecbcb15826b:0x58df1b2a40465571!8m2!3d41.9586483!4d3.0397887\" target=\"_blank\" rel=\"noopener noreferrer\">La Bisbal<\/a> habla de nosotros. Son piezas que nos relatan el fruto de la tradici\u00f3n alfarera en nuestro pa\u00eds. Colores tradicionales como el \u00e1mbar, el azul y el verde bisbalense. Su trama jaspeada es todo un s\u00edmbolo identitario de las mesas populares. En <strong>Bon Vent<\/strong> siempre tenemos un espacio destacado para estas piezas. Nos gusta mucho como dialogan los colores y las texturas entre ellas. Para nosotros son sin\u00f3nimo de hogar y calidez. El plato de postre jaspeado de La Bisbal es un ejemplo.<\/p>\n<p><a href=\"https:\/\/ggili.com\/la-belleza-del-objeto-cotidiano-soetsu-yanagi-libro.html\" target=\"_blank\" rel=\"noopener noreferrer\">La belleza del objeto cotidiano.<\/a><\/p>\n<p>Este es el t\u00edtulo del libro escrito por <a href=\"https:\/\/en.wikipedia.org\/wiki\/Yanagi_S%C5%8Detsu\" target=\"_blank\" rel=\"noopener noreferrer\">Soetsu Yanagui<\/a>, fil\u00f3sofo, escritor y coleccionista japon\u00e9s. En \u00e9l relata el significado de la palabra Mingei que \u00e9l mismo invent\u00f3 en la d\u00e9cada de los a\u00f1os veinte. Tom\u00f3 la palabra min, que significa \u00abel pueblo\u00bb o \u00ablas masas\u00bb y la palabra gei que significa \u00abartesan\u00eda\u00bb, y de la combinaci\u00f3n cre\u00f3 Mingei que, literalmente, significa, \u00abartesan\u00eda del pueblo\u00bb, con el objetivo de designar los objetos ordinarios que la gente com\u00fan empleaba a su vida cotidiana, con el af\u00e1n de distinguirlo de los objetos propios de las bellas artes. Desde su punto de vista, los objetos de artesan\u00eda popular tienen dos caracter\u00edsticas principales. Lo primero que est\u00e1n hechas por su uso diario y el segundo que, se trata de objetos corrientes y sencillos. Son productos de precio ajustado que no se hacen en ediciones limitadas. Concluye que el valor de estas piezas es su car\u00e1cter indispensable para resolver las necesidades de la vida cotidiana de las personas comunes.<\/p>\n<p>Mientras le\u00edamos este libro hemos entendido todav\u00eda mucho m\u00e1s, el valor de esta l\u00ednea de piezas realizadas en La Bisbal d&#8217;Empord\u00e0. Toman como referencia el estilo preindustrial de la cer\u00e1mica bisbalense. Son piezas sencillas y pr\u00e1cticas para usar todos los d\u00edas. Nos hablan de una tradici\u00f3n y una manera de trabajar. De unos materiales, un paisaje y un territorio que ha crecido gracias a la fuerza de una industria que llega hasta nuestros d\u00edas.<\/p>\n","protected":false},"excerpt":{"rendered":"<p>El plato de postre jaspeado en verde es un cl\u00e1sico que nos encanta. Su dise\u00f1o es atemporal. Nos gusta mucho su versatilidad y calidez. De l\u00edneas amables, hecho a mano y con denominaci\u00f3n de origen. Mantiene un buen di\u00e1logo en ambientes de dise\u00f1o contempor\u00e1neo donde la madera y los materiales naturales son protagonistas.<\/p>\n<p>Es una vajilla de barro rojo hecha de forma artesanal y decorada siguiendo la cl\u00e1sica decoraci\u00f3n de la \u00e9poca preindustrial de la cer\u00e1mica bisbalense.<\/p>\n<p>Es f\u00e1cil imaginarse un trozo de tarta en una mesa de cumplea\u00f1os o un cannoli siciliano servido una tarde de verano.<\/p>\n<p>Tama\u00f1o: 18 cm.<\/p>\n","protected":false},"featured_media":12181,"comment_status":"closed","ping_status":"closed","template":"","meta":[],"product_brand":[],"product_cat":[1150,1234],"product_tag":[383,654,1102],"class_list":{"0":"post-14615","1":"product","2":"type-product","3":"status-publish","4":"has-post-thumbnail","6":"product_cat-cocina-mesa","7":"product_cat-platos","8":"product_tag-ceramica-es","9":"product_tag-menaje-de-hogar","10":"product_tag-producto-local","12":"first","13":"instock","14":"taxable","15":"shipping-taxable","16":"purchasable","17":"product-type-simple"},"yoast_head":"<!-- This site is optimized with the Yoast SEO plugin v25.3.1 - https:\/\/yoast.com\/wordpress\/plugins\/seo\/ -->\n<title>Plato de postre jaspeado de La Bisbal<\/title>\n<meta name=\"description\" content=\"El plato de postre jaspeado en verde es un cl\u00e1sico que nos encanta. Su dise\u00f1o es atemporal. Hecha a mano y con denominaci\u00f3n de origen.\" \/>\n<meta name=\"robots\" content=\"index, follow, max-snippet:-1, max-image-preview:large, max-video-preview:-1\" \/>\n<link rel=\"canonical\" href=\"https:\/\/www.bonvent.cat\/es\/product\/plato-de-postre-jaspeado-de-la-bisbal\/\" \/>\n<meta property=\"og:locale\" content=\"es_ES\" \/>\n<meta property=\"og:type\" content=\"article\" \/>\n<meta property=\"og:title\" content=\"Plato de postre jaspeado de La Bisbal\" \/>\n<meta property=\"og:description\" content=\"El plato de postre jaspeado en verde es un cl\u00e1sico que nos encanta. Su dise\u00f1o es atemporal. Hecha a mano y con denominaci\u00f3n de origen.\" \/>\n<meta property=\"og:url\" content=\"https:\/\/www.bonvent.cat\/es\/product\/plato-de-postre-jaspeado-de-la-bisbal\/\" \/>\n<meta property=\"og:site_name\" content=\"Bon Vent\" \/>\n<meta property=\"article:publisher\" content=\"https:\/\/www.facebook.com\/bonventbcn?ref=hl\" \/>\n<meta property=\"og:image\" content=\"https:\/\/www.bonvent.cat\/wp-content\/uploads\/2020\/10\/plat-postres-bisbal-verd-tradicional.jpg\" \/>\n\t<meta property=\"og:image:width\" content=\"510\" \/>\n\t<meta property=\"og:image:height\" content=\"652\" \/>\n\t<meta property=\"og:image:type\" content=\"image\/jpeg\" \/>\n<meta name=\"twitter:label1\" content=\"Tiempo de lectura\" \/>\n\t<meta name=\"twitter:data1\" content=\"2 minutos\" \/>\n<script type=\"application\/ld+json\" class=\"yoast-schema-graph\">{\"@context\":\"https:\/\/schema.org\",\"@graph\":[{\"@type\":\"WebPage\",\"@id\":\"https:\/\/www.bonvent.cat\/es\/product\/plato-de-postre-jaspeado-de-la-bisbal\/\",\"url\":\"https:\/\/www.bonvent.cat\/es\/product\/plato-de-postre-jaspeado-de-la-bisbal\/\",\"name\":\"Plato de postre jaspeado de La Bisbal\",\"isPartOf\":{\"@id\":\"https:\/\/www.bonvent.cat\/es\/#website\"},\"primaryImageOfPage\":{\"@id\":\"https:\/\/www.bonvent.cat\/es\/product\/plato-de-postre-jaspeado-de-la-bisbal\/#primaryimage\"},\"image\":{\"@id\":\"https:\/\/www.bonvent.cat\/es\/product\/plato-de-postre-jaspeado-de-la-bisbal\/#primaryimage\"},\"thumbnailUrl\":\"https:\/\/www.bonvent.cat\/wp-content\/uploads\/2020\/10\/plat-postres-bisbal-verd-tradicional.jpg\",\"datePublished\":\"2020-12-13T08:00:48+00:00\",\"description\":\"El plato de postre jaspeado en verde es un cl\u00e1sico que nos encanta. Su dise\u00f1o es atemporal. Hecha a mano y con denominaci\u00f3n de origen.\",\"breadcrumb\":{\"@id\":\"https:\/\/www.bonvent.cat\/es\/product\/plato-de-postre-jaspeado-de-la-bisbal\/#breadcrumb\"},\"inLanguage\":\"es\",\"potentialAction\":[{\"@type\":\"ReadAction\",\"target\":[\"https:\/\/www.bonvent.cat\/es\/product\/plato-de-postre-jaspeado-de-la-bisbal\/\"]}]},{\"@type\":\"ImageObject\",\"inLanguage\":\"es\",\"@id\":\"https:\/\/www.bonvent.cat\/es\/product\/plato-de-postre-jaspeado-de-la-bisbal\/#primaryimage\",\"url\":\"https:\/\/www.bonvent.cat\/wp-content\/uploads\/2020\/10\/plat-postres-bisbal-verd-tradicional.jpg\",\"contentUrl\":\"https:\/\/www.bonvent.cat\/wp-content\/uploads\/2020\/10\/plat-postres-bisbal-verd-tradicional.jpg\",\"width\":510,\"height\":652,\"caption\":\"Plato de postre jaspeado de La Bisbal\"},{\"@type\":\"BreadcrumbList\",\"@id\":\"https:\/\/www.bonvent.cat\/es\/product\/plato-de-postre-jaspeado-de-la-bisbal\/#breadcrumb\",\"itemListElement\":[{\"@type\":\"ListItem\",\"position\":1,\"name\":\"Inici\",\"item\":\"https:\/\/www.bonvent.cat\/es\/\"},{\"@type\":\"ListItem\",\"position\":2,\"name\":\"Botiga\",\"item\":\"https:\/\/www.bonvent.cat\/?page_id=1953091\"},{\"@type\":\"ListItem\",\"position\":3,\"name\":\"Plato de postre jaspeado de La Bisbal\"}]},{\"@type\":\"WebSite\",\"@id\":\"https:\/\/www.bonvent.cat\/es\/#website\",\"url\":\"https:\/\/www.bonvent.cat\/es\/\",\"name\":\"Bon Vent\",\"description\":\"Botiga d\u2019inspiraci\u00f3 mediterr\u00e0nia\",\"publisher\":{\"@id\":\"https:\/\/www.bonvent.cat\/es\/#organization\"},\"potentialAction\":[{\"@type\":\"SearchAction\",\"target\":{\"@type\":\"EntryPoint\",\"urlTemplate\":\"https:\/\/www.bonvent.cat\/es\/?s={search_term_string}\"},\"query-input\":{\"@type\":\"PropertyValueSpecification\",\"valueRequired\":true,\"valueName\":\"search_term_string\"}}],\"inLanguage\":\"es\"},{\"@type\":\"Organization\",\"@id\":\"https:\/\/www.bonvent.cat\/es\/#organization\",\"name\":\"Bon Vent\",\"url\":\"https:\/\/www.bonvent.cat\/es\/\",\"logo\":{\"@type\":\"ImageObject\",\"inLanguage\":\"es\",\"@id\":\"https:\/\/www.bonvent.cat\/es\/#\/schema\/logo\/image\/\",\"url\":\"https:\/\/www.bonvent.cat\/wp-content\/uploads\/2021\/11\/logoh.png\",\"contentUrl\":\"https:\/\/www.bonvent.cat\/wp-content\/uploads\/2021\/11\/logoh.png\",\"width\":640,\"height\":121,\"caption\":\"Bon Vent\"},\"image\":{\"@id\":\"https:\/\/www.bonvent.cat\/es\/#\/schema\/logo\/image\/\"},\"sameAs\":[\"https:\/\/www.facebook.com\/bonventbcn?ref=hl\",\"https:\/\/www.instagram.com\/bon_ventbarcelona\/\",\"https:\/\/es.pinterest.com\/BONVENTmed\/\"]}]}<\/script>\n<!-- \/ Yoast SEO plugin. -->","yoast_head_json":{"title":"Plato de postre jaspeado de La Bisbal","description":"El plato de postre jaspeado en verde es un cl\u00e1sico que nos encanta. Su dise\u00f1o es atemporal. Hecha a mano y con denominaci\u00f3n de origen.","robots":{"index":"index","follow":"follow","max-snippet":"max-snippet:-1","max-image-preview":"max-image-preview:large","max-video-preview":"max-video-preview:-1"},"canonical":"https:\/\/www.bonvent.cat\/es\/product\/plato-de-postre-jaspeado-de-la-bisbal\/","og_locale":"es_ES","og_type":"article","og_title":"Plato de postre jaspeado de La Bisbal","og_description":"El plato de postre jaspeado en verde es un cl\u00e1sico que nos encanta. Su dise\u00f1o es atemporal. Hecha a mano y con denominaci\u00f3n de origen.","og_url":"https:\/\/www.bonvent.cat\/es\/product\/plato-de-postre-jaspeado-de-la-bisbal\/","og_site_name":"Bon Vent","article_publisher":"https:\/\/www.facebook.com\/bonventbcn?ref=hl","og_image":[{"width":510,"height":652,"url":"https:\/\/www.bonvent.cat\/wp-content\/uploads\/2020\/10\/plat-postres-bisbal-verd-tradicional.jpg","type":"image\/jpeg"}],"twitter_misc":{"Tiempo de lectura":"2 minutos"},"schema":{"@context":"https:\/\/schema.org","@graph":[{"@type":"WebPage","@id":"https:\/\/www.bonvent.cat\/es\/product\/plato-de-postre-jaspeado-de-la-bisbal\/","url":"https:\/\/www.bonvent.cat\/es\/product\/plato-de-postre-jaspeado-de-la-bisbal\/","name":"Plato de postre jaspeado de La Bisbal","isPartOf":{"@id":"https:\/\/www.bonvent.cat\/es\/#website"},"primaryImageOfPage":{"@id":"https:\/\/www.bonvent.cat\/es\/product\/plato-de-postre-jaspeado-de-la-bisbal\/#primaryimage"},"image":{"@id":"https:\/\/www.bonvent.cat\/es\/product\/plato-de-postre-jaspeado-de-la-bisbal\/#primaryimage"},"thumbnailUrl":"https:\/\/www.bonvent.cat\/wp-content\/uploads\/2020\/10\/plat-postres-bisbal-verd-tradicional.jpg","datePublished":"2020-12-13T08:00:48+00:00","description":"El plato de postre jaspeado en verde es un cl\u00e1sico que nos encanta. Su dise\u00f1o es atemporal. Hecha a mano y con denominaci\u00f3n de origen.","breadcrumb":{"@id":"https:\/\/www.bonvent.cat\/es\/product\/plato-de-postre-jaspeado-de-la-bisbal\/#breadcrumb"},"inLanguage":"es","potentialAction":[{"@type":"ReadAction","target":["https:\/\/www.bonvent.cat\/es\/product\/plato-de-postre-jaspeado-de-la-bisbal\/"]}]},{"@type":"ImageObject","inLanguage":"es","@id":"https:\/\/www.bonvent.cat\/es\/product\/plato-de-postre-jaspeado-de-la-bisbal\/#primaryimage","url":"https:\/\/www.bonvent.cat\/wp-content\/uploads\/2020\/10\/plat-postres-bisbal-verd-tradicional.jpg","contentUrl":"https:\/\/www.bonvent.cat\/wp-content\/uploads\/2020\/10\/plat-postres-bisbal-verd-tradicional.jpg","width":510,"height":652,"caption":"Plato de postre jaspeado de La Bisbal"},{"@type":"BreadcrumbList","@id":"https:\/\/www.bonvent.cat\/es\/product\/plato-de-postre-jaspeado-de-la-bisbal\/#breadcrumb","itemListElement":[{"@type":"ListItem","position":1,"name":"Inici","item":"https:\/\/www.bonvent.cat\/es\/"},{"@type":"ListItem","position":2,"name":"Botiga","item":"https:\/\/www.bonvent.cat\/?page_id=1953091"},{"@type":"ListItem","position":3,"name":"Plato de postre jaspeado de La Bisbal"}]},{"@type":"WebSite","@id":"https:\/\/www.bonvent.cat\/es\/#website","url":"https:\/\/www.bonvent.cat\/es\/","name":"Bon Vent","description":"Botiga d\u2019inspiraci\u00f3 mediterr\u00e0nia","publisher":{"@id":"https:\/\/www.bonvent.cat\/es\/#organization"},"potentialAction":[{"@type":"SearchAction","target":{"@type":"EntryPoint","urlTemplate":"https:\/\/www.bonvent.cat\/es\/?s={search_term_string}"},"query-input":{"@type":"PropertyValueSpecification","valueRequired":true,"valueName":"search_term_string"}}],"inLanguage":"es"},{"@type":"Organization","@id":"https:\/\/www.bonvent.cat\/es\/#organization","name":"Bon Vent","url":"https:\/\/www.bonvent.cat\/es\/","logo":{"@type":"ImageObject","inLanguage":"es","@id":"https:\/\/www.bonvent.cat\/es\/#\/schema\/logo\/image\/","url":"https:\/\/www.bonvent.cat\/wp-content\/uploads\/2021\/11\/logoh.png","contentUrl":"https:\/\/www.bonvent.cat\/wp-content\/uploads\/2021\/11\/logoh.png","width":640,"height":121,"caption":"Bon Vent"},"image":{"@id":"https:\/\/www.bonvent.cat\/es\/#\/schema\/logo\/image\/"},"sameAs":["https:\/\/www.facebook.com\/bonventbcn?ref=hl","https:\/\/www.instagram.com\/bon_ventbarcelona\/","https:\/\/es.pinterest.com\/BONVENTmed\/"]}]}},"_links":{"self":[{"href":"https:\/\/www.bonvent.cat\/es\/wp-json\/wp\/v2\/product\/14615","targetHints":{"allow":["GET"]}}],"collection":[{"href":"https:\/\/www.bonvent.cat\/es\/wp-json\/wp\/v2\/product"}],"about":[{"href":"https:\/\/www.bonvent.cat\/es\/wp-json\/wp\/v2\/types\/product"}],"replies":[{"embeddable":true,"href":"https:\/\/www.bonvent.cat\/es\/wp-json\/wp\/v2\/comments?post=14615"}],"version-history":[{"count":0,"href":"https:\/\/www.bonvent.cat\/es\/wp-json\/wp\/v2\/product\/14615\/revisions"}],"wp:featuredmedia":[{"embeddable":true,"href":"https:\/\/www.bonvent.cat\/es\/wp-json\/wp\/v2\/media\/12181"}],"wp:attachment":[{"href":"https:\/\/www.bonvent.cat\/es\/wp-json\/wp\/v2\/media?parent=14615"}],"wp:term":[{"taxonomy":"product_brand","embeddable":true,"href":"https:\/\/www.bonvent.cat\/es\/wp-json\/wp\/v2\/product_brand?post=14615"},{"taxonomy":"product_cat","embeddable":true,"href":"https:\/\/www.bonvent.cat\/es\/wp-json\/wp\/v2\/product_cat?post=14615"},{"taxonomy":"product_tag","embeddable":true,"href":"https:\/\/www.bonvent.cat\/es\/wp-json\/wp\/v2\/product_tag?post=14615"}],"curies":[{"name":"wp","href":"https:\/\/api.w.org\/{rel}","templated":true}]}}